{"id":3886,"date":"2018-10-03T09:19:14","date_gmt":"2018-10-03T07:19:14","guid":{"rendered":"http:\/\/metalowiec.dev.netk.pl\/?post_type=product&#038;p=3886"},"modified":"2018-10-19T10:05:23","modified_gmt":"2018-10-19T08:05:23","slug":"rehabilitationsbett-abbildung-4-mit-holzverkleidung","status":"publish","type":"product","link":"https:\/\/metalowiec.com.pl\/de\/produkt\/rehabilitationsbett-abbildung-4-mit-holzverkleidung\/","title":{"rendered":"Rehabilitationsbett Abbildung 4 mit Holzverkleidung"},"content":{"rendered":"<div class=\"wpb-content-wrapper\"><p>[vc_row gap=&#8220;20&#8243; el_class=&#8220;m-b-md&#8220;][vc_column width=&#8220;2\/3&#8243;][vc_custom_heading text=&#8220;Beschreibung&#8220; use_theme_fonts=&#8220;yes&#8220;][vc_column_text]<\/p>\n<ul>\n<li>Verkleidung des Betts aus Holz und M\u00f6belplatten, einschlie\u00dflich seitlichen Holzgel\u00e4ndern \u00fcber die gesamte L\u00e4nge der Liegefl\u00e4che<\/li>\n<li>Liegefl\u00e4che des Bettes aus zwei Segmenten<\/li>\n<li>manuelle Einstellung des R\u00fcckensegments mit Schnappmechanismus<\/li>\n<li>Einstellung des Beinsegments mit Schnappmechanismus<\/li>\n<li>feste H\u00f6he der Liegefl\u00e4che<\/li>\n<li>Segmente der Liegefl\u00e4che mit fest montiertem Metallgitter ausgef\u00fcllt (optional abnehmbares Gitter)<\/li>\n<li>vier R\u00e4der, davon zwei mit Fahr- und Drehsperre, Rad f\u00fcr Richtungsfahrt (Option)<\/li>\n<li>zentrale Blockade der R\u00e4der (Option)<\/li>\n<li>herausschiebbares Bettw\u00e4schefach (Option)<\/li>\n<li>Halter zur Befestigung des Auslegers zum Hochziehen oder des Stativs des Tropfs<\/li>\n<\/ul>\n<p>[\/vc_column_text][vc_custom_heading text=&#8220;Zusatzausstattung&#8220; use_theme_fonts=&#8220;yes&#8220;][vc_column_text]<\/p>\n<ul>\n<li>Spezialmatratze gegen Wundliegen S.CH<\/li>\n<li>Krankenhausmatratze S1.CH<\/li>\n<li>Ausleger mit Handgriff<\/li>\n<li>Stativ f\u00fcr Tropf mit 2 und 4 Haken<\/li>\n<li>Halter der Bettpfanne<\/li>\n<li>Halter f\u00fcr Bad<\/li>\n<li>Herausziehbares Fach f\u00fcr Bettw\u00e4sche<\/li>\n<li>Rahmen der Patientenkarte mit verdeckten Personaldaten<\/li>\n<\/ul>\n<p>[\/vc_column_text][\/vc_column][vc_column width=&#8220;1\/3&#8243;][vc_custom_heading text=&#8220;Technische Daten&#8220; use_theme_fonts=&#8220;yes&#8220;][vc_column_text]<\/p>\n<ul>\n<li>Gesamtl\u00e4nge: 2.070mm. \u00b1 10mm<\/li>\n<li>Gesamtbreite: 990mm\u00b110mm<\/li>\n<li>Breite der Liegefl\u00e4che: 860mm\u00b110mm<\/li>\n<li>L\u00e4nge der Liegefl\u00e4che: 2.000mm \u00b1 10mm<\/li>\n<li>L\u00e4nge der Liegefl\u00e4che: 550mm \u00b1 10mm<\/li>\n<li>Regulierung des R\u00fcckensegments: 0-70\u00b0 \u00b15&#8243;<\/li>\n<li>Regulierung des Beinsegments: 0-16\u00b0 \u00b15<\/li>\n<\/ul>\n<p>[\/vc_column_text][\/vc_column][\/vc_row][vc_row][vc_column][vc_custom_heading text=&#8220;Farbe&#8220; use_theme_fonts=&#8220;yes&#8220;][\/vc_column][\/vc_row][vc_row][vc_column width=&#8220;1\/3&#8243;][vc_column_text]<\/p>\n<ul class=\"variants-list\">\n<li class=\"color-tile\">Metallfarben<\/li>\n<li class=\"ral ral-7035\">RAL 7035<\/li>\n<li class=\"ral ral-9006\">RAL 9006<\/li>\n<li class=\"ral ral-9007\">RAL 9007<\/li>\n<li class=\"ral ral-1015\">RAL 1015<\/li>\n<li class=\"ral ral-5024\">RAL 5024<\/li>\n<li class=\"ral ral-9005\">RAL 9005<\/li>\n<li class=\"ral ral-9016\">RAL 9016<\/li>\n<li class=\"ral ral-6018\">RAL 6018<\/li>\n<li class=\"ral RAL-1003\">RAL 1003<\/li>\n<li class=\"ral RAL-3002\">RAL 3002<\/li>\n<\/ul>\n<p>[\/vc_column_text][\/vc_column][vc_column width=&#8220;1\/3&#8243;][vc_column_text]<\/p>\n<ul class=\"variants-list\">\n<li class=\"color-tile\">laminierte Platte<\/li>\n<li class=\"ral r4634\">Berg Erle<\/li>\n<li class=\"ral r5113\">Bayern Buche<\/li>\n<li class=\"ral u1313\">cremig<\/li>\n<li class=\"ral u1717\">blaues Wasser<\/li>\n<li class=\"ral u3112\">Kalk<\/li>\n<li class=\"ral u1508\">Milano Yellow<\/li>\n<li class=\"ral f8985\">orange<\/li>\n<li class=\"ral r9016\">wei\u00df<\/li>\n<\/ul>\n<p>&nbsp;<\/p>\n<p>&nbsp;<\/p>\n<p>Achtung<br \/>\nStandardfarbe f\u00fcr Holzelemente ist Bayern Buche.<br \/>\nRest der Farben sind nur in der Menge \u00fcber 50 oder nach Absprache mit der Verkaufsabteilung verf\u00fcgbar.[\/vc_column_text][\/vc_column][vc_column width=&#8220;1\/3&#8243;][\/vc_column][\/vc_row]<\/p>\n<\/div>","protected":false},"excerpt":{"rendered":"<p>Das Rehabilitationsbett A-4 mit Holzverkleidung ist zur Behandlung und Pflege von Patienten in Rehabilitationsstationen, in Altersheimen, Pflege- und Behandlungsinstitutionen sowie zu Hause bestimmt.<\/p>\n","protected":false},"featured_media":2759,"template":"","meta":[],"product_brand":[],"product_cat":[199,197],"product_tag":[],"class_list":{"0":"post-3886","1":"product","2":"type-product","3":"status-publish","4":"has-post-thumbnail","6":"product_cat-betten-fur-die-langzeitpflege","7":"product_cat-medizinische-betten","9":"first","10":"instock","11":"shipping-taxable","12":"product-type-simple"},"aioseo_notices":[],"_links":{"self":[{"href":"https:\/\/metalowiec.com.pl\/de\/wp-json\/wp\/v2\/product\/3886","targetHints":{"allow":["GET"]}}],"collection":[{"href":"https:\/\/metalowiec.com.pl\/de\/wp-json\/wp\/v2\/product"}],"about":[{"href":"https:\/\/metalowiec.com.pl\/de\/wp-json\/wp\/v2\/types\/product"}],"wp:featuredmedia":[{"embeddable":true,"href":"https:\/\/metalowiec.com.pl\/de\/wp-json\/wp\/v2\/media\/2759"}],"wp:attachment":[{"href":"https:\/\/metalowiec.com.pl\/de\/wp-json\/wp\/v2\/media?parent=3886"}],"wp:term":[{"taxonomy":"product_brand","embeddable":true,"href":"https:\/\/metalowiec.com.pl\/de\/wp-json\/wp\/v2\/product_brand?post=3886"},{"taxonomy":"product_cat","embeddable":true,"href":"https:\/\/metalowiec.com.pl\/de\/wp-json\/wp\/v2\/product_cat?post=3886"},{"taxonomy":"product_tag","embeddable":true,"href":"https:\/\/metalowiec.com.pl\/de\/wp-json\/wp\/v2\/product_tag?post=3886"}],"curies":[{"name":"wp","href":"https:\/\/api.w.org\/{rel}","templated":true}]}}